{"id":1021,"date":"2020-05-08T13:46:06","date_gmt":"2020-05-08T11:46:06","guid":{"rendered":"http:\/\/ksm.legnica.pl\/?page_id=1021"},"modified":"2025-01-26T18:42:00","modified_gmt":"2025-01-26T17:42:00","slug":"zarzad-ksm-dl","status":"publish","type":"page","link":"https:\/\/ksm.legnica.pl\/index.php\/zarzad-ksm-dl\/","title":{"rendered":"Zarz\u0105d KSM DL"},"content":{"rendered":"<p style=\"text-align: justify;\">Podczas LX Zjazdu Diecezjalnego odby\u0142y si\u0119 wybory i delegaci oddzia\u0142\u00f3w wybrali cz\u0142onk\u00f3w nowego Zarz\u0105du Diecezjalnego oraz Diecezjalnej Komisji Rewizyjnej.<\/p>\n<p style=\"text-align: justify;\">Poni\u017cej przedstawiamy Wam cz\u0142onk\u00f3w pe\u0142ni\u0105cych poszczeg\u00f3lne funkcje we w\u0142adzach naszego Stowarzyszenia wraz z danymi kontaktowymi:<\/p>\n<p style=\"text-align: justify;\"><span style=\"text-decoration: underline;\">Zarz\u0105d Diecezjalny<\/span><\/p>\n<p style=\"text-align: justify;\">Dekretem Biskupa Legnickiego ks. Andrzeja Siemieniewskiego Prezesem Zarz\u0105du zosta\u0142a mianowana:<\/p>\n<p style=\"text-align: center;\"><strong>Katarzyna Tsarakhov<\/strong><\/p>\n<p><span class=\"nc684nl6\"><img loading=\"lazy\" class=\"alignnone wp-image-1597 size-large\" src=\"https:\/\/ksm.legnica.pl\/wp-content\/uploads\/2024\/03\/2-1024x1024.png\" alt=\"\" width=\"525\" height=\"525\" srcset=\"https:\/\/ksm.legnica.pl\/wp-content\/uploads\/2024\/03\/2-1024x1024.png 1024w, https:\/\/ksm.legnica.pl\/wp-content\/uploads\/2024\/03\/2-300x300.png 300w, https:\/\/ksm.legnica.pl\/wp-content\/uploads\/2024\/03\/2-150x150.png 150w, https:\/\/ksm.legnica.pl\/wp-content\/uploads\/2024\/03\/2-768x768.png 768w, https:\/\/ksm.legnica.pl\/wp-content\/uploads\/2024\/03\/2-100x100.png 100w, https:\/\/ksm.legnica.pl\/wp-content\/uploads\/2024\/03\/2.png 1080w\" sizes=\"(max-width: 525px) 100vw, 525px\" \/><\/span><\/p>\n<p>Poszczeg\u00f3lne funkcje w Zarz\u0105dzie Diecezjalnym obj\u0119li:<\/p>\n<p style=\"text-align: center;\">Zast\u0119pca Prezesa Zarz\u0105du<br \/>\n<strong>Hanna Sopotnicka<\/strong><\/p>\n<p style=\"text-align: center;\"><span class=\"nc684nl6\"><img loading=\"lazy\" class=\"alignnone wp-image-1598 size-large\" src=\"https:\/\/ksm.legnica.pl\/wp-content\/uploads\/2024\/03\/3-1024x1024.png\" alt=\"\" width=\"525\" height=\"525\" srcset=\"https:\/\/ksm.legnica.pl\/wp-content\/uploads\/2024\/03\/3-1024x1024.png 1024w, https:\/\/ksm.legnica.pl\/wp-content\/uploads\/2024\/03\/3-300x300.png 300w, https:\/\/ksm.legnica.pl\/wp-content\/uploads\/2024\/03\/3-150x150.png 150w, https:\/\/ksm.legnica.pl\/wp-content\/uploads\/2024\/03\/3-768x768.png 768w, https:\/\/ksm.legnica.pl\/wp-content\/uploads\/2024\/03\/3-100x100.png 100w, https:\/\/ksm.legnica.pl\/wp-content\/uploads\/2024\/03\/3.png 1080w\" sizes=\"(max-width: 525px) 100vw, 525px\" \/><\/span><\/p>\n<p>&nbsp;<\/p>\n<p style=\"text-align: center;\">Delegat na Krajow\u0105 Rad\u0119 Stowarzyszenia<br \/>\n<strong>Daria Pa\u0144czyszyn<\/strong><\/p>\n<p><span class=\"nc684nl6\"><img loading=\"lazy\" class=\"alignnone wp-image-1599 size-large\" src=\"https:\/\/ksm.legnica.pl\/wp-content\/uploads\/2024\/03\/4-1024x1024.png\" alt=\"\" width=\"525\" height=\"525\" srcset=\"https:\/\/ksm.legnica.pl\/wp-content\/uploads\/2024\/03\/4-1024x1024.png 1024w, https:\/\/ksm.legnica.pl\/wp-content\/uploads\/2024\/03\/4-300x300.png 300w, https:\/\/ksm.legnica.pl\/wp-content\/uploads\/2024\/03\/4-150x150.png 150w, https:\/\/ksm.legnica.pl\/wp-content\/uploads\/2024\/03\/4-768x768.png 768w, https:\/\/ksm.legnica.pl\/wp-content\/uploads\/2024\/03\/4-100x100.png 100w, https:\/\/ksm.legnica.pl\/wp-content\/uploads\/2024\/03\/4.png 1080w\" sizes=\"(max-width: 525px) 100vw, 525px\" \/><\/span><\/p>\n<p>&nbsp;<\/p>\n<p style=\"text-align: center;\">Skarbnik Zarz\u0105du<br \/>\n<strong>Kornelia Molak<\/strong><\/p>\n<p><span class=\"nc684nl6\"><img loading=\"lazy\" class=\"alignnone wp-image-1625 size-large\" src=\"https:\/\/ksm.legnica.pl\/wp-content\/uploads\/2025\/01\/5-1024x1024.png\" alt=\"Skarbnik\" width=\"525\" height=\"525\" srcset=\"https:\/\/ksm.legnica.pl\/wp-content\/uploads\/2025\/01\/5-1024x1024.png 1024w, https:\/\/ksm.legnica.pl\/wp-content\/uploads\/2025\/01\/5-300x300.png 300w, https:\/\/ksm.legnica.pl\/wp-content\/uploads\/2025\/01\/5-150x150.png 150w, https:\/\/ksm.legnica.pl\/wp-content\/uploads\/2025\/01\/5-768x768.png 768w, https:\/\/ksm.legnica.pl\/wp-content\/uploads\/2025\/01\/5-100x100.png 100w, https:\/\/ksm.legnica.pl\/wp-content\/uploads\/2025\/01\/5.png 1080w\" sizes=\"(max-width: 525px) 100vw, 525px\" \/><\/span><\/p>\n<p>&nbsp;<\/p>\n<p style=\"text-align: center;\">Sekretarz Zarz\u0105du<br \/>\n<strong>Ewelina Wo\u0142oszyn<\/strong><\/p>\n<p><span class=\"nc684nl6\"><img loading=\"lazy\" class=\"alignnone wp-image-1601 size-large\" src=\"https:\/\/ksm.legnica.pl\/wp-content\/uploads\/2024\/03\/6-1024x1024.png\" alt=\"\" width=\"525\" height=\"525\" srcset=\"https:\/\/ksm.legnica.pl\/wp-content\/uploads\/2024\/03\/6-1024x1024.png 1024w, https:\/\/ksm.legnica.pl\/wp-content\/uploads\/2024\/03\/6-300x300.png 300w, https:\/\/ksm.legnica.pl\/wp-content\/uploads\/2024\/03\/6-150x150.png 150w, https:\/\/ksm.legnica.pl\/wp-content\/uploads\/2024\/03\/6-768x768.png 768w, https:\/\/ksm.legnica.pl\/wp-content\/uploads\/2024\/03\/6-100x100.png 100w, https:\/\/ksm.legnica.pl\/wp-content\/uploads\/2024\/03\/6.png 1080w\" sizes=\"(max-width: 525px) 100vw, 525px\" \/><\/span><\/p>\n<p>&nbsp;<\/p>\n<p style=\"text-align: center;\">Zast\u0119pca Sekretarza Zarz\u0105du<br \/>\n<strong>Kacper Zieli\u0144ski<\/strong><\/p>\n<p style=\"text-align: center;\"><span class=\"nc684nl6\"><img loading=\"lazy\" class=\"alignnone wp-image-1624 size-large\" src=\"https:\/\/ksm.legnica.pl\/wp-content\/uploads\/2025\/01\/7-1024x1024.png\" alt=\"Zast\u0119pca Sekretarz\" width=\"525\" height=\"525\" srcset=\"https:\/\/ksm.legnica.pl\/wp-content\/uploads\/2025\/01\/7-1024x1024.png 1024w, https:\/\/ksm.legnica.pl\/wp-content\/uploads\/2025\/01\/7-300x300.png 300w, https:\/\/ksm.legnica.pl\/wp-content\/uploads\/2025\/01\/7-150x150.png 150w, https:\/\/ksm.legnica.pl\/wp-content\/uploads\/2025\/01\/7-768x768.png 768w, https:\/\/ksm.legnica.pl\/wp-content\/uploads\/2025\/01\/7-100x100.png 100w, https:\/\/ksm.legnica.pl\/wp-content\/uploads\/2025\/01\/7.png 1080w\" sizes=\"(max-width: 525px) 100vw, 525px\" \/><\/span><\/p>\n<p style=\"text-align: center;\">Cz\u0142onek Zarz\u0105du<br \/>\n<strong>Jakub Ko\u0142odziejczyk<\/strong><\/p>\n<p><span class=\"nc684nl6\"><img loading=\"lazy\" class=\"alignnone wp-image-1603 size-large\" src=\"https:\/\/ksm.legnica.pl\/wp-content\/uploads\/2024\/03\/8-1024x1024.png\" alt=\"\" width=\"525\" height=\"525\" srcset=\"https:\/\/ksm.legnica.pl\/wp-content\/uploads\/2024\/03\/8-1024x1024.png 1024w, https:\/\/ksm.legnica.pl\/wp-content\/uploads\/2024\/03\/8-300x300.png 300w, https:\/\/ksm.legnica.pl\/wp-content\/uploads\/2024\/03\/8-150x150.png 150w, https:\/\/ksm.legnica.pl\/wp-content\/uploads\/2024\/03\/8-768x768.png 768w, https:\/\/ksm.legnica.pl\/wp-content\/uploads\/2024\/03\/8-100x100.png 100w, https:\/\/ksm.legnica.pl\/wp-content\/uploads\/2024\/03\/8.png 1080w\" sizes=\"(max-width: 525px) 100vw, 525px\" \/><\/span><\/p>\n<p style=\"text-align: justify;\">W razie jakichkolwiek problem\u00f3w przy pr\u00f3bach kontaktu z poszczeg\u00f3lnymi cz\u0142onkami zarz\u0105du posiadamy jeszcze wsp\u00f3lny adres mailowy <a href=\"mailto:ksmdl.zarzad@gmail.com\"><strong>ksmdl.zarzad@gmail.com<\/strong><\/a>, przez kt\u00f3ry mo\u017cecie si\u0119 z nami skontaktowa\u0107. Prosimy wszystkich naszych przyjaci\u00f3\u0142, sympatyk\u00f3w, senior\u00f3w a tak\u017ce ludzi dobrego serca o modlitw\u0119 w intencji naszego Zarz\u0105du, aby\u015bmy zawsze byli motywowani mi\u0142o\u015bci\u0105 do Pana Boga, Ojczyzny i bli\u017anich, aby w naszych wyborach wspiera\u0142 nas Duch \u015awi\u0119ty, a Jezus prowadzi\u0142 przez \u017cycie w duchu s\u0142u\u017cby, ofiarno\u015bci i pokory.<\/p>\n<p>W sk\u0142ad <strong>Diecezjalnej Komisji Rewizyjnej<\/strong> weszli:<\/p>\n<p style=\"text-align: center;\">Przewodnicz\u0105ca Komisji Rewizyjnej<br \/>\n<strong style=\"font-size: 1rem;\">Karolina Friedek<\/strong><span style=\"font-size: 1rem;\">\u00a0<\/span><\/p>\n<p><img loading=\"lazy\" class=\"alignnone size-large wp-image-1605\" src=\"https:\/\/ksm.legnica.pl\/wp-content\/uploads\/2024\/03\/10-1024x1024.png\" alt=\"\" width=\"525\" height=\"525\" srcset=\"https:\/\/ksm.legnica.pl\/wp-content\/uploads\/2024\/03\/10-1024x1024.png 1024w, https:\/\/ksm.legnica.pl\/wp-content\/uploads\/2024\/03\/10-300x300.png 300w, https:\/\/ksm.legnica.pl\/wp-content\/uploads\/2024\/03\/10-150x150.png 150w, https:\/\/ksm.legnica.pl\/wp-content\/uploads\/2024\/03\/10-768x768.png 768w, https:\/\/ksm.legnica.pl\/wp-content\/uploads\/2024\/03\/10-100x100.png 100w, https:\/\/ksm.legnica.pl\/wp-content\/uploads\/2024\/03\/10.png 1080w\" sizes=\"(max-width: 525px) 100vw, 525px\" \/><\/p>\n<p style=\"text-align: center;\">Zast\u0119pca Przewodnicz\u0105cej Komisji Rewizyjnej<br \/>\n<strong>Karolina Kowal<\/strong><\/p>\n<p><img loading=\"lazy\" class=\"alignnone size-large wp-image-1606\" src=\"https:\/\/ksm.legnica.pl\/wp-content\/uploads\/2024\/03\/11-1024x1024.png\" alt=\"\" width=\"525\" height=\"525\" srcset=\"https:\/\/ksm.legnica.pl\/wp-content\/uploads\/2024\/03\/11-1024x1024.png 1024w, https:\/\/ksm.legnica.pl\/wp-content\/uploads\/2024\/03\/11-300x300.png 300w, https:\/\/ksm.legnica.pl\/wp-content\/uploads\/2024\/03\/11-150x150.png 150w, https:\/\/ksm.legnica.pl\/wp-content\/uploads\/2024\/03\/11-768x768.png 768w, https:\/\/ksm.legnica.pl\/wp-content\/uploads\/2024\/03\/11-100x100.png 100w, https:\/\/ksm.legnica.pl\/wp-content\/uploads\/2024\/03\/11.png 1080w\" sizes=\"(max-width: 525px) 100vw, 525px\" \/><\/p>\n<p style=\"text-align: center;\">Sekretarz Komisji Rewizyjnej<br \/>\n<strong>Mariusz Skuza<\/strong><\/p>\n<p><img loading=\"lazy\" class=\"alignnone size-large wp-image-1607\" src=\"https:\/\/ksm.legnica.pl\/wp-content\/uploads\/2024\/03\/12-1024x1024.png\" alt=\"\" width=\"525\" height=\"525\" srcset=\"https:\/\/ksm.legnica.pl\/wp-content\/uploads\/2024\/03\/12-1024x1024.png 1024w, https:\/\/ksm.legnica.pl\/wp-content\/uploads\/2024\/03\/12-300x300.png 300w, https:\/\/ksm.legnica.pl\/wp-content\/uploads\/2024\/03\/12-150x150.png 150w, https:\/\/ksm.legnica.pl\/wp-content\/uploads\/2024\/03\/12-768x768.png 768w, https:\/\/ksm.legnica.pl\/wp-content\/uploads\/2024\/03\/12-100x100.png 100w, https:\/\/ksm.legnica.pl\/wp-content\/uploads\/2024\/03\/12.png 1080w\" sizes=\"(max-width: 525px) 100vw, 525px\" \/><\/p>\n<p style=\"text-align: justify;\">Je\u017celi chcecie skontaktowa\u0107 si\u0119 z Komisj\u0105 Rewizyjn\u0105, mo\u017cecie napisa\u0107 maila na adres:\u00a0<a href=\"mailto:komisja.rewizyjna.ksmdl@gmail.com\">komisja.rewizyjna.ksmdl@gmail.com.<\/a><\/p>\n<p style=\"text-align: justify;\">Dnia 9 pa\u017adziernika roku 2021 podczas obchod\u00f3w 25-lecia istnienia Katolickiego Stowarzyszenia M\u0142odzie\u017cy Diecezji Legnickiej, dekretem Biskupa Diecezjalnego Andrzeja Siemieniewskiego nowym Asystentem Diecezjalnym KSM DL zosta\u0142 ksi\u0105dz <span class=\"nc684nl6\">Mateusz Wyspia\u0144ski.<\/span><\/p>\n<p style=\"text-align: justify;\">Prosimy o modlitw\u0119 w jego intencji, aby Pan B\u00f3g wspiera\u0142 go w jego misji asystowania naszemu Stowarzyszeniu.<\/p>\n<p style=\"text-align: center;\">Diecezjalny Ksi\u0105dz Asystent<br \/>\n<strong>ks. Mateusz Wyspia\u0144ski<\/strong><\/p>\n<p style=\"text-align: justify;\"><span class=\"nc684nl6\"><img loading=\"lazy\" class=\"alignnone wp-image-1604 size-large\" src=\"https:\/\/ksm.legnica.pl\/wp-content\/uploads\/2024\/03\/9-1024x1024.png\" alt=\"\" width=\"525\" height=\"525\" srcset=\"https:\/\/ksm.legnica.pl\/wp-content\/uploads\/2024\/03\/9-1024x1024.png 1024w, https:\/\/ksm.legnica.pl\/wp-content\/uploads\/2024\/03\/9-300x300.png 300w, https:\/\/ksm.legnica.pl\/wp-content\/uploads\/2024\/03\/9-150x150.png 150w, https:\/\/ksm.legnica.pl\/wp-content\/uploads\/2024\/03\/9-768x768.png 768w, https:\/\/ksm.legnica.pl\/wp-content\/uploads\/2024\/03\/9-100x100.png 100w, https:\/\/ksm.legnica.pl\/wp-content\/uploads\/2024\/03\/9.png 1080w\" sizes=\"(max-width: 525px) 100vw, 525px\" \/> \u00a0<\/span><\/p>\n<p>&nbsp;<\/p>\n","protected":false},"excerpt":{"rendered":"<p>Podczas LX Zjazdu Diecezjalnego odby\u0142y si\u0119 wybory i delegaci oddzia\u0142\u00f3w wybrali cz\u0142onk\u00f3w nowego Zarz\u0105du Diecezjalnego oraz Diecezjalnej Komisji Rewizyjnej. Poni\u017cej przedstawiamy Wam cz\u0142onk\u00f3w pe\u0142ni\u0105cych poszczeg\u00f3lne funkcje we w\u0142adzach naszego Stowarzyszenia wraz z danymi kontaktowymi: Zarz\u0105d Diecezjalny Dekretem Biskupa Legnickiego ks. Andrzeja Siemieniewskiego Prezesem Zarz\u0105du zosta\u0142a mianowana: Katarzyna Tsarakhov Poszczeg\u00f3lne funkcje w Zarz\u0105dzie Diecezjalnym obj\u0119li: Zast\u0119pca &hellip; <\/p>\n<p class=\"link-more\"><a href=\"https:\/\/ksm.legnica.pl\/index.php\/zarzad-ksm-dl\/\" class=\"more-link\">Czytaj dalej<span class=\"screen-reader-text\"> \u201eZarz\u0105d KSM DL\u201d<\/span><\/a><\/p>\n","protected":false},"author":11,"featured_media":1642,"parent":0,"menu_order":0,"comment_status":"closed","ping_status":"closed","template":"","meta":[],"_links":{"self":[{"href":"https:\/\/ksm.legnica.pl\/index.php\/wp-json\/wp\/v2\/pages\/1021"}],"collection":[{"href":"https:\/\/ksm.legnica.pl\/index.php\/wp-json\/wp\/v2\/pages"}],"about":[{"href":"https:\/\/ksm.legnica.pl\/index.php\/wp-json\/wp\/v2\/types\/page"}],"author":[{"embeddable":true,"href":"https:\/\/ksm.legnica.pl\/index.php\/wp-json\/wp\/v2\/users\/11"}],"replies":[{"embeddable":true,"href":"https:\/\/ksm.legnica.pl\/index.php\/wp-json\/wp\/v2\/comments?post=1021"}],"version-history":[{"count":9,"href":"https:\/\/ksm.legnica.pl\/index.php\/wp-json\/wp\/v2\/pages\/1021\/revisions"}],"predecessor-version":[{"id":1643,"href":"https:\/\/ksm.legnica.pl\/index.php\/wp-json\/wp\/v2\/pages\/1021\/revisions\/1643"}],"wp:featuredmedia":[{"embeddable":true,"href":"https:\/\/ksm.legnica.pl\/index.php\/wp-json\/wp\/v2\/media\/1642"}],"wp:attachment":[{"href":"https:\/\/ksm.legnica.pl\/index.php\/wp-json\/wp\/v2\/media?parent=1021"}],"curies":[{"name":"wp","href":"https:\/\/api.w.org\/{rel}","templated":true}]}}